{"id":606,"date":"2017-09-28T21:57:01","date_gmt":"2017-09-28T21:57:01","guid":{"rendered":"http:\/\/praelskincare.dev\/?post_type=product&#038;p=606"},"modified":"2018-01-03T12:45:08","modified_gmt":"2018-01-03T12:45:08","slug":"jasmine-active-marine-collagen-serum","status":"publish","type":"product","link":"https:\/\/praelskincare.com\/pl\/sklep\/jasmine-active-marine-collagen-serum\/","title":{"rendered":"Jasmine Active Marine Collagen Serum"},"content":{"rendered":"<p><strong>Serum Kolagenowe z Ja\u015bminem<\/strong> to\u00a0wyj\u0105tkowe po\u0142\u0105czenie Aktywnego Kolagenu Morskiego I ja\u015bminu. Zalecany dla cery suchej, sk\u0142onnej do podra\u017cnie\u0144. Otula zapachem ja\u015bminu, dzia\u0142a \u0142agodz\u0105co i niweluje nieprzyjemnie napi\u0119cie sk\u00f3ry. Uszczelnia barier\u0119 lipidow\u0105 sk\u00f3ry, dzi\u0119ki czemu zatrzymuje wod\u0119 w nask\u00f3rku I chroni sk\u00f3r\u0119 przed zanieczyszczeniami. Dzi\u0119ki zawarto\u015bci Aktywnego Kolagenu Morskiego ju\u017c po kilku dniach regularnych aplikacji zmarszczki staj\u0105 si\u0119 p\u0142ytsze, owal twarzy podkre\u015blony, a cera jest bardziej j\u0119drna i elastyczna.<\/p>\n","protected":false},"excerpt":{"rendered":"<p>Serum Kolagenowe z Ja\u015bminem to\u00a0wyj\u0105tkowe po\u0142\u0105czenie Aktywnego Kolagenu Morskiego I ja\u015bminu. Zalecany dla cery suchej, sk\u0142onnej do podra\u017cnie\u0144. Otula zapachem ja\u015bminu, dzia\u0142a \u0142agodz\u0105co i niweluje nieprzyjemnie napi\u0119cie sk\u00f3ry. Uszczelnia barier\u0119 lipidow\u0105 sk\u00f3ry, dzi\u0119ki czemu zatrzymuje wod\u0119 w nask\u00f3rku I chroni sk\u00f3r\u0119 przed zanieczyszczeniami. Dzi\u0119ki zawarto\u015bci Aktywnego Kolagenu Morskiego ju\u017c po kilku dniach regularnych aplikacji zmarszczki [&hellip;]<\/p>\n","protected":false},"featured_media":667,"template":"","meta":{"inline_featured_image":false},"product_brand":[],"product_cat":[38],"product_tag":[39,57],"class_list":{"0":"post-606","1":"product","2":"type-product","3":"status-publish","4":"has-post-thumbnail","6":"product_cat-serum-regenerujace","7":"product_tag-active-marine-collagen","8":"product_tag-jasmine","10":"first","11":"outofstock","12":"taxable","13":"shipping-taxable","14":"purchasable","15":"product-type-simple"},"yoast_head":"<!-- This site is optimized with the Yoast SEO plugin v25.4 - https:\/\/yoast.com\/wordpress\/plugins\/seo\/ -->\n<title>Jasmine Active Marine Collagen Serum - Prael<\/title>\n<meta name=\"robots\" content=\"index, follow, max-snippet:-1, max-image-preview:large, max-video-preview:-1\" \/>\n<link rel=\"canonical\" href=\"https:\/\/praelskincare.com\/pl\/sklep\/jasmine-active-marine-collagen-serum\/\" \/>\n<meta property=\"og:locale\" content=\"pl_PL\" \/>\n<meta property=\"og:type\" content=\"article\" \/>\n<meta property=\"og:title\" content=\"Jasmine Active Marine Collagen Serum - Prael\" \/>\n<meta property=\"og:description\" content=\"Serum Kolagenowe z Ja\u015bminem to\u00a0wyj\u0105tkowe po\u0142\u0105czenie Aktywnego Kolagenu Morskiego I ja\u015bminu. Zalecany dla cery suchej, sk\u0142onnej do podra\u017cnie\u0144. Otula zapachem ja\u015bminu, dzia\u0142a \u0142agodz\u0105co i niweluje nieprzyjemnie napi\u0119cie sk\u00f3ry. Uszczelnia barier\u0119 lipidow\u0105 sk\u00f3ry, dzi\u0119ki czemu zatrzymuje wod\u0119 w nask\u00f3rku I chroni sk\u00f3r\u0119 przed zanieczyszczeniami. Dzi\u0119ki zawarto\u015bci Aktywnego Kolagenu Morskiego ju\u017c po kilku dniach regularnych aplikacji zmarszczki [&hellip;]\" \/>\n<meta property=\"og:url\" content=\"https:\/\/praelskincare.com\/pl\/sklep\/jasmine-active-marine-collagen-serum\/\" \/>\n<meta property=\"og:site_name\" content=\"Prael\" \/>\n<meta property=\"article:modified_time\" content=\"2018-01-03T12:45:08+00:00\" \/>\n<meta property=\"og:image\" content=\"https:\/\/praelskincare.com\/wp-content\/uploads\/2017\/10\/serum-thumbnail.png\" \/>\n\t<meta property=\"og:image:width\" content=\"1280\" \/>\n\t<meta property=\"og:image:height\" content=\"1280\" \/>\n\t<meta property=\"og:image:type\" content=\"image\/png\" \/>\n<meta name=\"twitter:card\" content=\"summary_large_image\" \/>\n<script type=\"application\/ld+json\" class=\"yoast-schema-graph\">{\"@context\":\"https:\/\/schema.org\",\"@graph\":[{\"@type\":\"WebPage\",\"@id\":\"https:\/\/praelskincare.com\/pl\/sklep\/jasmine-active-marine-collagen-serum\/\",\"url\":\"https:\/\/praelskincare.com\/pl\/sklep\/jasmine-active-marine-collagen-serum\/\",\"name\":\"Jasmine Active Marine Collagen Serum - Prael\",\"isPartOf\":{\"@id\":\"https:\/\/praelskincare.com\/#website\"},\"primaryImageOfPage\":{\"@id\":\"https:\/\/praelskincare.com\/pl\/sklep\/jasmine-active-marine-collagen-serum\/#primaryimage\"},\"image\":{\"@id\":\"https:\/\/praelskincare.com\/pl\/sklep\/jasmine-active-marine-collagen-serum\/#primaryimage\"},\"thumbnailUrl\":\"https:\/\/praelskincare.com\/wp-content\/uploads\/2017\/10\/serum-thumbnail.png\",\"datePublished\":\"2017-09-28T21:57:01+00:00\",\"dateModified\":\"2018-01-03T12:45:08+00:00\",\"breadcrumb\":{\"@id\":\"https:\/\/praelskincare.com\/pl\/sklep\/jasmine-active-marine-collagen-serum\/#breadcrumb\"},\"inLanguage\":\"pl-PL\",\"potentialAction\":[{\"@type\":\"ReadAction\",\"target\":[\"https:\/\/praelskincare.com\/pl\/sklep\/jasmine-active-marine-collagen-serum\/\"]}]},{\"@type\":\"ImageObject\",\"inLanguage\":\"pl-PL\",\"@id\":\"https:\/\/praelskincare.com\/pl\/sklep\/jasmine-active-marine-collagen-serum\/#primaryimage\",\"url\":\"https:\/\/praelskincare.com\/wp-content\/uploads\/2017\/10\/serum-thumbnail.png\",\"contentUrl\":\"https:\/\/praelskincare.com\/wp-content\/uploads\/2017\/10\/serum-thumbnail.png\",\"width\":1280,\"height\":1280},{\"@type\":\"BreadcrumbList\",\"@id\":\"https:\/\/praelskincare.com\/pl\/sklep\/jasmine-active-marine-collagen-serum\/#breadcrumb\",\"itemListElement\":[{\"@type\":\"ListItem\",\"position\":1,\"name\":\"Home\",\"item\":\"https:\/\/praelskincare.com\/\"},{\"@type\":\"ListItem\",\"position\":2,\"name\":\"Prael cosmetics\",\"item\":\"https:\/\/praelskincare.com\/shop\/\"},{\"@type\":\"ListItem\",\"position\":3,\"name\":\"Jasmine Active Marine Collagen Serum\"}]},{\"@type\":\"WebSite\",\"@id\":\"https:\/\/praelskincare.com\/#website\",\"url\":\"https:\/\/praelskincare.com\/\",\"name\":\"Prael\",\"description\":\"Luxury Collagen Skincare\",\"publisher\":{\"@id\":\"https:\/\/praelskincare.com\/#organization\"},\"potentialAction\":[{\"@type\":\"SearchAction\",\"target\":{\"@type\":\"EntryPoint\",\"urlTemplate\":\"https:\/\/praelskincare.com\/?s={search_term_string}\"},\"query-input\":{\"@type\":\"PropertyValueSpecification\",\"valueRequired\":true,\"valueName\":\"search_term_string\"}}],\"inLanguage\":\"pl-PL\"},{\"@type\":\"Organization\",\"@id\":\"https:\/\/praelskincare.com\/#organization\",\"name\":\"PRAEL\",\"url\":\"https:\/\/praelskincare.com\/\",\"logo\":{\"@type\":\"ImageObject\",\"inLanguage\":\"pl-PL\",\"@id\":\"https:\/\/praelskincare.com\/#\/schema\/logo\/image\/\",\"url\":\"https:\/\/praelskincare.com\/wp-content\/uploads\/2017\/05\/logo_prael.png\",\"contentUrl\":\"https:\/\/praelskincare.com\/wp-content\/uploads\/2017\/05\/logo_prael.png\",\"width\":88,\"height\":58,\"caption\":\"PRAEL\"},\"image\":{\"@id\":\"https:\/\/praelskincare.com\/#\/schema\/logo\/image\/\"}}]}<\/script>\n<!-- \/ Yoast SEO plugin. -->","yoast_head_json":{"title":"Jasmine Active Marine Collagen Serum - Prael","robots":{"index":"index","follow":"follow","max-snippet":"max-snippet:-1","max-image-preview":"max-image-preview:large","max-video-preview":"max-video-preview:-1"},"canonical":"https:\/\/praelskincare.com\/pl\/sklep\/jasmine-active-marine-collagen-serum\/","og_locale":"pl_PL","og_type":"article","og_title":"Jasmine Active Marine Collagen Serum - Prael","og_description":"Serum Kolagenowe z Ja\u015bminem to\u00a0wyj\u0105tkowe po\u0142\u0105czenie Aktywnego Kolagenu Morskiego I ja\u015bminu. Zalecany dla cery suchej, sk\u0142onnej do podra\u017cnie\u0144. Otula zapachem ja\u015bminu, dzia\u0142a \u0142agodz\u0105co i niweluje nieprzyjemnie napi\u0119cie sk\u00f3ry. Uszczelnia barier\u0119 lipidow\u0105 sk\u00f3ry, dzi\u0119ki czemu zatrzymuje wod\u0119 w nask\u00f3rku I chroni sk\u00f3r\u0119 przed zanieczyszczeniami. Dzi\u0119ki zawarto\u015bci Aktywnego Kolagenu Morskiego ju\u017c po kilku dniach regularnych aplikacji zmarszczki [&hellip;]","og_url":"https:\/\/praelskincare.com\/pl\/sklep\/jasmine-active-marine-collagen-serum\/","og_site_name":"Prael","article_modified_time":"2018-01-03T12:45:08+00:00","og_image":[{"width":1280,"height":1280,"url":"https:\/\/praelskincare.com\/wp-content\/uploads\/2017\/10\/serum-thumbnail.png","type":"image\/png"}],"twitter_card":"summary_large_image","schema":{"@context":"https:\/\/schema.org","@graph":[{"@type":"WebPage","@id":"https:\/\/praelskincare.com\/pl\/sklep\/jasmine-active-marine-collagen-serum\/","url":"https:\/\/praelskincare.com\/pl\/sklep\/jasmine-active-marine-collagen-serum\/","name":"Jasmine Active Marine Collagen Serum - Prael","isPartOf":{"@id":"https:\/\/praelskincare.com\/#website"},"primaryImageOfPage":{"@id":"https:\/\/praelskincare.com\/pl\/sklep\/jasmine-active-marine-collagen-serum\/#primaryimage"},"image":{"@id":"https:\/\/praelskincare.com\/pl\/sklep\/jasmine-active-marine-collagen-serum\/#primaryimage"},"thumbnailUrl":"https:\/\/praelskincare.com\/wp-content\/uploads\/2017\/10\/serum-thumbnail.png","datePublished":"2017-09-28T21:57:01+00:00","dateModified":"2018-01-03T12:45:08+00:00","breadcrumb":{"@id":"https:\/\/praelskincare.com\/pl\/sklep\/jasmine-active-marine-collagen-serum\/#breadcrumb"},"inLanguage":"pl-PL","potentialAction":[{"@type":"ReadAction","target":["https:\/\/praelskincare.com\/pl\/sklep\/jasmine-active-marine-collagen-serum\/"]}]},{"@type":"ImageObject","inLanguage":"pl-PL","@id":"https:\/\/praelskincare.com\/pl\/sklep\/jasmine-active-marine-collagen-serum\/#primaryimage","url":"https:\/\/praelskincare.com\/wp-content\/uploads\/2017\/10\/serum-thumbnail.png","contentUrl":"https:\/\/praelskincare.com\/wp-content\/uploads\/2017\/10\/serum-thumbnail.png","width":1280,"height":1280},{"@type":"BreadcrumbList","@id":"https:\/\/praelskincare.com\/pl\/sklep\/jasmine-active-marine-collagen-serum\/#breadcrumb","itemListElement":[{"@type":"ListItem","position":1,"name":"Home","item":"https:\/\/praelskincare.com\/"},{"@type":"ListItem","position":2,"name":"Prael cosmetics","item":"https:\/\/praelskincare.com\/shop\/"},{"@type":"ListItem","position":3,"name":"Jasmine Active Marine Collagen Serum"}]},{"@type":"WebSite","@id":"https:\/\/praelskincare.com\/#website","url":"https:\/\/praelskincare.com\/","name":"Prael","description":"Luxury Collagen Skincare","publisher":{"@id":"https:\/\/praelskincare.com\/#organization"},"potentialAction":[{"@type":"SearchAction","target":{"@type":"EntryPoint","urlTemplate":"https:\/\/praelskincare.com\/?s={search_term_string}"},"query-input":{"@type":"PropertyValueSpecification","valueRequired":true,"valueName":"search_term_string"}}],"inLanguage":"pl-PL"},{"@type":"Organization","@id":"https:\/\/praelskincare.com\/#organization","name":"PRAEL","url":"https:\/\/praelskincare.com\/","logo":{"@type":"ImageObject","inLanguage":"pl-PL","@id":"https:\/\/praelskincare.com\/#\/schema\/logo\/image\/","url":"https:\/\/praelskincare.com\/wp-content\/uploads\/2017\/05\/logo_prael.png","contentUrl":"https:\/\/praelskincare.com\/wp-content\/uploads\/2017\/05\/logo_prael.png","width":88,"height":58,"caption":"PRAEL"},"image":{"@id":"https:\/\/praelskincare.com\/#\/schema\/logo\/image\/"}}]}},"_links":{"self":[{"href":"https:\/\/praelskincare.com\/pl\/wp-json\/wp\/v2\/product\/606\/"}],"collection":[{"href":"https:\/\/praelskincare.com\/pl\/wp-json\/wp\/v2\/product\/"}],"about":[{"href":"https:\/\/praelskincare.com\/pl\/wp-json\/wp\/v2\/types\/product\/"}],"wp:featuredmedia":[{"embeddable":true,"href":"https:\/\/praelskincare.com\/pl\/wp-json\/wp\/v2\/media\/667\/"}],"wp:attachment":[{"href":"https:\/\/praelskincare.com\/pl\/wp-json\/wp\/v2\/media\/?parent=606"}],"wp:term":[{"taxonomy":"product_brand","embeddable":true,"href":"https:\/\/praelskincare.com\/pl\/wp-json\/wp\/v2\/product_brand\/?post=606"},{"taxonomy":"product_cat","embeddable":true,"href":"https:\/\/praelskincare.com\/pl\/wp-json\/wp\/v2\/product_cat\/?post=606"},{"taxonomy":"product_tag","embeddable":true,"href":"https:\/\/praelskincare.com\/pl\/wp-json\/wp\/v2\/product_tag\/?post=606"}],"curies":[{"name":"wp","href":"https:\/\/api.w.org\/{rel}","templated":true}]}}